{"id":616,"date":"2022-01-20T19:36:25","date_gmt":"2022-01-20T19:36:25","guid":{"rendered":"https:\/\/www.sigradi.org\/sigradi2022\/?page_id=616"},"modified":"2022-11-03T23:33:32","modified_gmt":"2022-11-03T23:33:32","slug":"committees","status":"publish","type":"page","link":"https:\/\/www.sigradi.org\/sigradi2022\/committees\/","title":{"rendered":"COMMITTEES"},"content":{"rendered":"\t\t<div data-elementor-type=\"wp-page\" data-elementor-id=\"616\" class=\"elementor elementor-616\" data-elementor-post-type=\"page\">\n\t\t\t\t\t\t<section class=\"elementor-section elementor-top-section elementor-element elementor-element-6e7a6580 elementor-section-boxed elementor-section-height-default elementor-section-height-default\" data-id=\"6e7a6580\" data-element_type=\"section\" id=\"scrollup\">\n\t\t\t\t\t\t<div class=\"elementor-container elementor-column-gap-default\">\n\t\t\t\t\t<div class=\"elementor-column elementor-col-50 elementor-top-column elementor-element elementor-element-4133ed1f\" data-id=\"4133ed1f\" data-element_type=\"column\">\n\t\t\t<div class=\"elementor-widget-wrap elementor-element-populated\">\n\t\t\t\t\t\t<div class=\"elementor-element elementor-element-4382bdbb elementor-widget elementor-widget-heading\" data-id=\"4382bdbb\" data-element_type=\"widget\" data-widget_type=\"heading.default\">\n\t\t\t\t<div class=\"elementor-widget-container\">\n\t\t\t\t\t<h2 class=\"elementor-heading-title elementor-size-default\">COMMITTEES<\/h2>\t\t\t\t<\/div>\n\t\t\t\t<\/div>\n\t\t\t\t<div class=\"elementor-element elementor-element-9cb8c85 elementor-widget elementor-widget-image\" data-id=\"9cb8c85\" data-element_type=\"widget\" data-widget_type=\"image.default\">\n\t\t\t\t<div class=\"elementor-widget-container\">\n\t\t\t\t\t\t\t\t\t\t\t\t\t\t\t<img fetchpriority=\"high\" decoding=\"async\" width=\"960\" height=\"540\" src=\"https:\/\/www.sigradi.org\/sigradi2022\/wp-content\/uploads\/2022\/02\/SIGraDi_2022_Comites_00.jpg\" class=\"attachment-large size-large wp-image-1887\" alt=\"\" srcset=\"https:\/\/www.sigradi.org\/sigradi2022\/wp-content\/uploads\/2022\/02\/SIGraDi_2022_Comites_00.jpg 960w, https:\/\/www.sigradi.org\/sigradi2022\/wp-content\/uploads\/2022\/02\/SIGraDi_2022_Comites_00-600x338.jpg 600w, https:\/\/www.sigradi.org\/sigradi2022\/wp-content\/uploads\/2022\/02\/SIGraDi_2022_Comites_00-300x169.jpg 300w, https:\/\/www.sigradi.org\/sigradi2022\/wp-content\/uploads\/2022\/02\/SIGraDi_2022_Comites_00-768x432.jpg 768w\" sizes=\"(max-width: 960px) 100vw, 960px\" \/>\t\t\t\t\t\t\t\t\t\t\t\t\t\t\t<\/div>\n\t\t\t\t<\/div>\n\t\t\t\t<div class=\"elementor-element elementor-element-6527b618 elementor-widget-divider--view-line elementor-widget elementor-widget-divider\" data-id=\"6527b618\" data-element_type=\"widget\" data-widget_type=\"divider.default\">\n\t\t\t\t<div class=\"elementor-widget-container\">\n\t\t\t\t\t\t\t<div class=\"elementor-divider\">\n\t\t\t<span class=\"elementor-divider-separator\">\n\t\t\t\t\t\t<\/span>\n\t\t<\/div>\n\t\t\t\t\t\t<\/div>\n\t\t\t\t<\/div>\n\t\t\t\t<div class=\"elementor-element elementor-element-42f82cc elementor-widget elementor-widget-text-editor\" data-id=\"42f82cc\" data-element_type=\"widget\" data-widget_type=\"text-editor.default\">\n\t\t\t\t<div class=\"elementor-widget-container\">\n\t\t\t\t\t\t\t\t\t<p><span style=\"color: #33cccc;\"><span style=\"font-weight: bold;\"><a href=\"https:\/\/www.sigradi.org\/sigradi2022\/presentation\/\" target=\"_blank\" rel=\"noopener\"><b>Organizing Committee<\/b><\/a><\/span><\/span><br \/>SIGraDI 2022 Conference is hosted by\u00a0<a style=\"background-color: #ffffff;\" href=\"https:\/\/www.upc.edu.pe\/en\/\">Universidad Peruana de Ciencias Aplicadas<\/a>\u00a0(Lima, Per\u00fa)\u00a0<a style=\"background-color: #ffffff;\" href=\"https:\/\/pregrado.upc.edu.pe\/en\/facultad-de-arquitectura\/\">School of Architecture<\/a>\u00a0and supported by the\u00a0<a style=\"background-color: #ffffff;\" href=\"https:\/\/www.sigradi.org\/\">SIGraDi<\/a>\u00a0Executive International Committee (CEI) and the SIGraDi Advisory Committee (CA).<\/p>\t\t\t\t\t\t\t\t<\/div>\n\t\t\t\t<\/div>\n\t\t\t\t<div class=\"elementor-element elementor-element-adc21c5 elementor-widget elementor-widget-text-editor\" data-id=\"adc21c5\" data-element_type=\"widget\" data-widget_type=\"text-editor.default\">\n\t\t\t\t<div class=\"elementor-widget-container\">\n\t\t\t\t\t\t\t\t\t<p><strong><a href=\"https:\/\/pregrado.upc.edu.pe\/en\/facultad-de-arquitectura\/carrera-de-arquitectura\/authorities\/\">Authorities<\/a><\/strong><br>Miguel Cruchaga Bela\u00fande | Dean | UPC |&nbsp;<span style=\"font-weight: bold;\">Per\u00fa<\/span><br>Mario Segami<span style=\"color: var(--ast-global-color-3); font-size: 1rem;\">&nbsp;<\/span><span style=\"color: var(--ast-global-color-3); font-size: 1rem;\">| Director | UPC |<\/span><span style=\"color: var(--ast-global-color-3); font-size: 1rem;\">&nbsp;<\/span><span style=\"color: var(--ast-global-color-3); font-size: 1rem; font-weight: bold;\">Per\u00fa<\/span><\/p>\n<p><a href=\"https:\/\/www.sigradi.org\/sigradi2022\/presentation\/\" target=\"_blank\" rel=\"noopener\"><b>Conference Chair<\/b><\/a><b><br><\/b>Pablo C. Herrera&nbsp;| UPC |&nbsp;<span style=\"font-weight: bold;\">Per\u00fa<\/span><\/p>\n<p><a href=\"https:\/\/www.sigradi.org\/sigradi2022\/proceedings_e_en\/\" target=\"_blank\" rel=\"noopener\"><b>Editorial Committee Members<\/b><\/a><strong style=\"font-style: inherit; color: var(--ast-global-color-3);\"><br><\/strong>Paula G\u00f3mez | Georgia Tech Research Institute |&nbsp;<span style=\"font-weight: bold;\">USA<br><\/span>Frederico Braida | Universidade Federal de Juiz de Fora |&nbsp;<span style=\"font-weight: bold;\">Brazil<br><\/span>Underl\u00e9a Bruscato | Universidade Federal de Rio Grande do Sul |&nbsp;<span style=\"font-weight: bold;\">Brazil<\/span><span style=\"font-weight: bold;\"><br><\/span><\/p>\n<p style=\"font-size: 17px; font-style: normal;\"><a href=\"https:\/\/www.sigradi.org\/sigradi2022\/proceedings_e_en\/\" target=\"_blank\" rel=\"noopener\"><b>Proceedings and OpenConf Support<br><\/b><\/a>Gabriel Wurzer | ProceeDings\/lite\/ 0.9.4-alpha | TU Wien |&nbsp;<span style=\"font-weight: bold;\">Austria<\/span><br>Bob Martens |&nbsp;<a style=\"font-weight: 400;\" href=\"http:\/\/papers.cumincad.org\/about.html\">CumInCAD<\/a>&nbsp;| TU Wien |&nbsp;<span style=\"font-weight: bold;\">Austria<\/span><br><a style=\"font-weight: 400;\" href=\"https:\/\/www.proceedings.blucher.com.br\/presentation\">Blucher Design Proceedings<\/a><\/p>\n<p style=\"font-size: 17px; font-style: normal;\"><a href=\"https:\/\/www.sigradi.org\/sigradi2022\/proceedings_e_en\/\" target=\"_blank\" rel=\"noopener\"><b>Indexing and Archiving Committee Members<\/b><\/a><span style=\"font-weight: bold;\"><br><\/span>Gon\u00e7alo Castro Henriques (Chair) | Universidade Federal do Rio de Janeiro |&nbsp;<span style=\"font-weight: bold;\">Brazil<br><\/span>Underl\u00e9a Bruscato | Universidade Federal de Rio Grande do Sul |&nbsp;<span style=\"font-weight: bold;\">Brazil<\/span><br>Mauricio Loyola | Universidad de Chile |&nbsp;<span style=\"font-weight: bold;\">Chile<\/span><\/p>\n<p style=\"\"><a href=\"https:\/\/www.sigradi.org\/sigradi2022\/workshops_s_en\/\" target=\"_blank\" rel=\"noopener\" style=\"font-size: 17px; font-style: normal;\"><b>Workshops Committee&nbsp;Members<\/b><\/a><br>Pablo C. Herrera | UPC | <b style=\"font-size: 17px; font-style: normal;\">Per\u00fa<br><\/b>Paula G\u00f3mez | Georgia Tech Research Institute | <b>USA<\/b><br>Jos\u00e9 L. Re\u00e1tegui | UPC |&nbsp;<b style=\"font-size: 17px; font-style: normal;\">Per\u00fa<\/b><br>Alberto Fern\u00e1ndez | Universidad de Chile | <b style=\"font-size: 17px; font-style: normal;\">Chile<\/b><br><b>Workshop Monitors<br><\/b>Fiorella Osorio, Enrique Palero, Brayan Antonio, Antonio Alvarado Benel, Zulema Sthefany Medina, Carlos Omar Oquendo, Leslie Pisfil, Diego Zambrano, Diego Oncevay Marcos, Claudio Velarde.<br><\/p>\n<p style=\"font-style: normal; font-size: 17px;\"><a href=\"https:\/\/www.sigradi.org\/sigradi2022\/phd-workshop_s_en\/\" target=\"_blank\" rel=\"noopener\"><b>PhD Workshop Committee<\/b><\/a><br><span style=\"font-weight: inherit; font-style: inherit; color: var(--ast-global-color-3);\">Frederico Braida (Chair) | Universidade Federal de Juiz de Fora | <strong>Brazil<\/strong>.<br><\/span><span style=\"font-weight: inherit; font-style: inherit; color: var(--ast-global-color-3);\">Fernando Lima | Belmont University | <strong>United States<\/strong><br><\/span>Maria Elena Tosello | Universidad Nacional del Litoral | <strong style=\"font-weight: 400;\">Argentina<\/strong><br>Paula Gomez | Georgia Tech Research Institute | <strong style=\"font-weight: 400;\">United States<\/strong><br><span style=\"font-weight: inherit; color: var(--ast-global-color-3); font-style: inherit;\">Rodrigo Martin-Iglesias | Universidad de Buenos Aires | <strong>Argentina<\/strong><br><\/span><span style=\"font-weight: inherit; font-style: inherit; color: var(--ast-global-color-3);\">Silvia Patricia Hern\u00e1ndez | Universidad&nbsp; Nacional de C\u00f3rdova | <strong>Argentina<\/strong><\/span><\/p>\n<p><a style=\"font-size: 17px; font-style: normal;\" href=\"https:\/\/www.sigradi.org\/sigradi2022\/homo_faber_3s_en\/\" target=\"_blank\" rel=\"noopener\"><b>Homo Faber 3.0 Exhibition Committee<\/b><\/a><span style=\"font-size: 17px; font-style: normal; font-weight: bold;\"><br><\/span>Pablo C. Herrera (Curator)&nbsp;<span style=\"font-size: 1rem; font-style: normal; font-weight: 400; color: var(--ast-global-color-3);\">| UPC |<\/span><span style=\"font-size: 1rem; font-style: normal; font-weight: 400; color: var(--ast-global-color-3);\">&nbsp;<\/span><span style=\"font-size: 1rem; font-style: normal; font-weight: bold; color: var(--ast-global-color-3);\">Per\u00fa<\/span><br>Rodrigo Scheeren<span style=\"font-size: 1rem; font-style: normal; font-weight: 400; color: var(--ast-global-color-3);\">&nbsp;<\/span><span style=\"font-size: 1rem; font-style: normal; font-weight: 400; color: var(--ast-global-color-3);\">(Curator)<\/span><span style=\"font-size: 17px; font-style: normal; font-weight: 400; color: var(--ast-global-color-3);\">&nbsp;| Universidade Federal da Bahia | <\/span><strong style=\"font-size: 17px; font-style: normal; color: var(--ast-global-color-3);\">Brazil<br><\/strong><span style=\"font-size: 17px; font-style: normal; font-weight: 400; color: var(--ast-global-color-3);\">David Sperling&nbsp;<\/span>&nbsp;(Curator) |<span style=\"font-size: 17px; font-style: normal; font-weight: 400; color: var(--ast-global-color-3);\">&nbsp;Universidade de S\u00e3o Paulo | <\/span><span style=\"font-size: 17px; font-style: normal; color: var(--ast-global-color-3);\"><b>Brazil<\/b><br><\/span><a style=\"font-size: 17px; font-style: normal; background-color: #ffffff; outline: 0px;\" href=\"https:\/\/www.sigradi.org\/sigradi2022\/homo_faber_3s_en\/\" target=\"_blank\" rel=\"noopener\"><span style=\"font-weight: bold;\">Homo Faber 3.0 Design Conception &amp; Production<\/span><\/a><br>Pablo C. Herrera (Chair)&nbsp;<span style=\"color: var(--ast-global-color-3); font-size: 1rem;\">| UPC |<\/span><span style=\"color: var(--ast-global-color-3); font-size: 1rem;\">&nbsp;<\/span><span style=\"color: var(--ast-global-color-3); font-size: 1rem; font-weight: bold;\">Per\u00fa<\/span><span style=\"font-size: 1rem; font-style: normal; color: var(--ast-global-color-3);\"><br><\/span><span style=\"font-size: 1rem; font-style: normal; color: var(--ast-global-color-3);\">Manuel Casiano (Catalog &amp; Graphic Design) | UPC |<\/span><span style=\"font-size: 1rem; font-style: normal; color: var(--ast-global-color-3); font-weight: bold;\">&nbsp;Per\u00fa<br><\/span><span style=\"color: var(--ast-global-color-3); font-size: 1rem;\">Christian Paulet (Media and Video Design) | UPC |<\/span><span style=\"color: var(--ast-global-color-3); font-size: 1rem;\">&nbsp;<\/span><span style=\"color: var(--ast-global-color-3); font-size: 1rem;\"><span style=\"font-weight: bold;\">Per\u00fa<br><\/span><\/span><span style=\"font-size: 17px; font-style: normal; font-weight: inherit; color: var(--ast-global-color-3);\">Pilar Flores Chapeyqu\u00e9n (Postproducci\u00f3n)&nbsp;<\/span><span style=\"color: var(--ast-global-color-3); font-size: 1rem;\">| UPC |<\/span><span style=\"color: var(--ast-global-color-3); font-size: 1rem;\">&nbsp;<\/span><span style=\"color: var(--ast-global-color-3); font-size: 1rem;\"><span style=\"font-weight: bold;\">Per\u00fa<\/span><\/span><span style=\"font-size: 17px; font-style: normal; font-weight: inherit; color: var(--ast-global-color-3);\"><br>Maria Luisa Pineda<\/span><span style=\"font-size: 1rem; font-style: normal; color: var(--ast-global-color-3);\">&nbsp;(Exhibition Design)&nbsp;<\/span><span style=\"font-size: 1rem; font-style: normal; color: var(--ast-global-color-3);\">| UPC |<\/span><span style=\"font-size: 1rem; font-style: normal; color: var(--ast-global-color-3);\">&nbsp;<\/span><span style=\"font-size: 1rem; font-style: normal; color: var(--ast-global-color-3);\"><b>Per\u00fa<br><\/b><\/span><span style=\"font-size: 17px; font-style: normal; font-weight: inherit; color: var(--ast-global-color-3);\">Noelia Mu\u00f1ante&nbsp;<\/span><span style=\"font-size: 1rem; font-style: normal; font-weight: inherit; color: var(--ast-global-color-3);\">(Exhibition Design)&nbsp;<\/span><span style=\"font-size: 1rem; font-style: normal; font-weight: inherit; color: var(--ast-global-color-3);\">| UPC |<\/span><span style=\"font-size: 1rem; font-style: normal; font-weight: inherit; color: var(--ast-global-color-3);\"> <span style=\"font-size: 1rem; font-style: normal; color: var(--ast-global-color-3);\"><b>Per\u00fa<\/b><\/span><\/span><br>Erika Lastra | UPC Cultural<br>Micaela Ruiz | UPC Cultural<\/p>\n<p style=\"font-size: 17px; font-style: normal;\"><span style=\"color: var(--ast-global-color-3);\"><b>Session Chairs and Coordinators<\/b><br>Affonso Orciuoli | Universitat Internacional de Catalunya | <b>Spain<\/b><br>Alberto Fern\u00e1ndez | Universidad de Chile | <b>Chile<\/b><br>Andressa Carmo Pena Martinez | Judson University | <b>USA<\/b><br>Angad Warang | Universitat Internacional de Catalunya | <b>Spain<\/b><br><\/span>Arturo Valdivia Loro (Session Chair Supervisor) |&nbsp;UPC |&nbsp;<span style=\"font-weight: bold;\">Per\u00fa<\/span><span style=\"color: var(--ast-global-color-3);\"><br>David M. Sperling | Universidade de S\u00e3o Paulo | <b>Brazil<\/b><br>David Torreblanca | Universidad Pontificia Bolivariana | <b>Colombia<\/b><br>Fernando Lima | Belmont University | <b>USA<\/b><br>Frederico Braida | Universidade Federal de Juiz de Fora | <b>Brazil<\/b><br>Gabriela Bustos | University of Wisconsin-Milwaukee | <b>Venezuela\/USA<\/b><br>Gabriela Celani | Universidad Estatal de Campinas | <b>Brazil<\/b><br>Gon\u00e7alo Castro Henriques | Universidade Federal do Rio de Janeiro | <b>Brazil<\/b><br>Marcelo Bernal | Perkins &amp; Will | <b>Chile\/USA<\/b><br>Maria Elena Tosello | Universidad Nacional del Litoral | <b>Argentina <\/b><br>Mauricio Loyola | Universidad de Chile | <b>Chile <\/b><br>Miguel Roco | Universidad de Concepci\u00f3n | <b>Chile<br><\/b><\/span>Noelia Mu\u00f1ante&nbsp;(Session Chair Supervisor) |&nbsp;UPC |&nbsp;<span style=\"font-weight: bold;\">Per\u00fa<\/span><span style=\"color: var(--ast-global-color-3);\"><br>Pablo C. Herrera | Universidad Peruana de Ciencias Aplicadas | <b>Per\u00fa<\/b><br>Paula G\u00f3mez-Zamora | Georgia Tech Research Institute | <b>Chile\/USA<\/b><br>Pedro Soza | Universidad de Chile | <b>Chile<\/b><br>Regiane Pupo | Universidade Federal de Santa Catarina | <b>Brazil<\/b><br>Rodrigo Martin-Iglesias | Universidad de Buenos Aires | Argentina<br>Rodrigo Cury Paraizo | Universidade Federal do Rio de Janeiro | <b>Brazil<\/b><br>Rodrigo Scheeren | Universidade Federal da Bahia | <b>Brazil<\/b><br>Santiago D\u00edaz | StructureCraft | <b>Peru\/USA<\/b><br>Simone Vizioli | Universidade de S\u00e3o Paulo | <b>Brazil<\/b><br>Tomas Vivanco | Pontificia Universidad Cat\u00f3lica de Chile | <b>Chile<\/b><br>Underl\u00e9a Bruscato | Universidade Federal de Rio Grande do Sul | <b>Brazil<\/b><br>Viviana Hernaiz Diez de Medina | MATERIAL Design Studio | <b>Bolivia<\/b><\/span><span style=\"color: var(--ast-global-color-3);\"><b><br><\/b><\/span><\/p>\n<p><b><\/b><\/p>\n<p style=\"font-size: 17px; font-style: normal;\"><span style=\"color: var(--ast-global-color-3);\"><b>Visual Communication<\/b><br><span style=\"font-weight: 400;\">Katherine Mu\u00f1ante Bazan (Leader) | UPC | <\/span><b style=\"font-weight: bold;\">Per\u00fa<br><\/b>Christian Paulet | UPC<\/span><span style=\"color: var(--ast-global-color-3);\"><b> |&nbsp;<\/b><a style=\"font-weight: bold; background-color: #ffffff;\" href=\"https:\/\/inmersiva.pe\/\" target=\"_blank\" rel=\"noopener\">Inmersiva<\/a><b>&nbsp;|&nbsp;<\/b><span style=\"font-weight: bold;\">Per\u00fa<br><\/span>Freddy Arcos Jurado<span style=\"color: var(--ast-global-color-3); font-size: 1rem;\">&nbsp;<\/span><span style=\"color: var(--ast-global-color-3); font-size: 1rem;\">| UPC |<\/span><span style=\"font-weight: bold; color: var(--ast-global-color-3); font-size: 1rem;\">&nbsp;<\/span><span style=\"font-weight: bold; color: var(--ast-global-color-3); font-size: 1rem;\">Per\u00fa<br><\/span>Pedro Arteaga-Ju\u00e1rez | UPC | <b>Per\u00fa<\/b><\/span><\/p>\n<p style=\"font-size: 17px; font-style: normal; font-weight: 400;\"><span style=\"font-weight: bold;\">Social Media, Web &amp; Technology<\/span><span style=\"font-weight: bold;\">&nbsp;<\/span><span style=\"font-weight: bold;\">Support<\/span><br>David Torreblanca | Universidad Pontificia Bolivariana |&nbsp;<span style=\"font-weight: bold;\">Colombia<\/span><br>Pepe Herrera | <a href=\"https:\/\/www.vertigocomunicaciones.com\/\" target=\"_blank\" rel=\"noopener\">V\u00e9rtigo Comunicaciones<\/a> |&nbsp;<span style=\"font-weight: bold;\">Per\u00fa<\/span><br>Christian Paulet | UPC | <a href=\"https:\/\/inmersiva.pe\/\" target=\"_blank\" rel=\"noopener\">Inmersiva<\/a>&nbsp;| <strong>Per\u00fa<\/strong><br>Martin Ferreira Montelongo | Universidad de la Rep\u00fablica | <span style=\"font-weight: bold;\">Uruguay<\/span><span style=\"font-weight: bold;\"><br><\/span><\/p>\n<p style=\"font-size: 17px; font-style: normal;\"><b>Resources Management<\/b><br>Maribel Biffi (Leader) | UPC | <b>Per\u00fa<\/b><span style=\"font-weight: bold;\"><br><\/span><\/p>\n<p><span style=\"font-weight: 400;\"><span style=\"font-weight: bold;\">Zoom and Collaborate Technical Committee Members<br><\/span><\/span><span style=\"font-weight: 400;\">Kelly Villanueva Rebaza | UPC | <strong>Per\u00fa<br><\/strong>Isabel Arana Glave | UPC |<strong> Per\u00fa<br><\/strong>Graciela Doria La Chira <strong> | <\/strong>UPC <strong>| Per\u00fa<\/strong><\/span><\/p>\n<p style=\"font-size: 17px; font-style: normal; font-weight: 400;\"><span style=\"font-weight: bold;\">Peruvian National Committee&nbsp;<\/span><span style=\"font-weight: bold;\">Members<\/span><br>Carlos Huanambal, Universidad San Mart\u00edn de Porras<br>Federico Dunkelberg,&nbsp; Pontificia Universidad Cat\u00f3lica del Per\u00fa<br>Giovanna Pillaca, OLA.research | Universidad de Ciencias y Artes de Am\u00e9rica Latina<br>Julia Barrantes, Universidad Nacional de Ingenier\u00eda<br>Paola Rossado, Universidad de Lima<br>Sophie Le Bienvenu, Pontificia Universidad Cat\u00f3lica del Per\u00fa<br>Vanessa Zadel, Universidad de Lima<br>Vaneza Caycho, Universidad Nacional Federico Villarreal<\/p>\n<p><b>Scientific and Program Committee<\/b><br>To see the list of members of the Scientific Committee and the Program Committee, please follow this link: <a href=\"https:\/\/www.sigradi.org\/sigradi2022\/reviewers\/\">https:\/\/www.sigradi.org\/sigradi2022\/reviewers\/<\/a><\/p>\n<p style=\"font-size: 17px; font-style: normal; font-weight: 400;\">\n<\/p>\t\t\t\t\t\t\t\t<\/div>\n\t\t\t\t<\/div>\n\t\t\t\t\t<\/div>\n\t\t<\/div>\n\t\t\t\t<div class=\"elementor-column elementor-col-50 elementor-top-column elementor-element elementor-element-424fa335\" data-id=\"424fa335\" data-element_type=\"column\">\n\t\t\t<div class=\"elementor-widget-wrap\">\n\t\t\t\t\t\t\t<\/div>\n\t\t<\/div>\n\t\t\t\t\t<\/div>\n\t\t<\/section>\n\t\t\t\t<\/div>\n\t\t","protected":false},"excerpt":{"rendered":"<p>COMMITTEES Organizing CommitteeSIGraDI 2022 Conference is hosted by\u00a0Universidad Peruana de Ciencias Aplicadas\u00a0(Lima, Per\u00fa)\u00a0School of Architecture\u00a0and supported by the\u00a0SIGraDi\u00a0Executive International Committee (CEI) and the SIGraDi Advisory Committee (CA). AuthoritiesMiguel Cruchaga Bela\u00fande | Dean | UPC |&nbsp;Per\u00faMario Segami&nbsp;| Director | UPC |&nbsp;Per\u00fa Conference ChairPablo C. Herrera&nbsp;| UPC |&nbsp;Per\u00fa Editorial Committee MembersPaula G\u00f3mez | Georgia Tech Research Institute [&hellip;]<\/p>\n","protected":false},"author":1,"featured_media":0,"parent":0,"menu_order":0,"comment_status":"closed","ping_status":"closed","template":"","meta":{"site-sidebar-layout":"no-sidebar","site-content-layout":"page-builder","ast-site-content-layout":"default","site-content-style":"default","site-sidebar-style":"default","ast-global-header-display":"","ast-banner-title-visibility":"","ast-main-header-display":"","ast-hfb-above-header-display":"","ast-hfb-below-header-display":"","ast-hfb-mobile-header-display":"","site-post-title":"disabled","ast-breadcrumbs-content":"","ast-featured-img":"disabled","footer-sml-layout":"","ast-disable-related-posts":"","theme-transparent-header-meta":"","adv-header-id-meta":"","stick-header-meta":"","header-above-stick-meta":"","header-main-stick-meta":"","header-below-stick-meta":"","astra-migrate-meta-layouts":"default","ast-page-background-enabled":"default","ast-page-background-meta":{"desktop":{"background-color":"","background-image":"","background-repeat":"repeat","background-position":"center center","background-size":"auto","background-attachment":"scroll","background-type":"","background-media":"","overlay-type":"","overlay-color":"","overlay-opacity":"","overlay-gradient":""},"tablet":{"background-color":"","background-image":"","background-repeat":"repeat","background-position":"center center","background-size":"auto","background-attachment":"scroll","background-type":"","background-media":"","overlay-type":"","overlay-color":"","overlay-opacity":"","overlay-gradient":""},"mobile":{"background-color":"","background-image":"","background-repeat":"repeat","background-position":"center center","background-size":"auto","background-attachment":"scroll","background-type":"","background-media":"","overlay-type":"","overlay-color":"","overlay-opacity":"","overlay-gradient":""}},"ast-content-background-meta":{"desktop":{"background-color":"var(--ast-global-color-5)","background-image":"","background-repeat":"repeat","background-position":"center center","background-size":"auto","background-attachment":"scroll","background-type":"","background-media":"","overlay-type":"","overlay-color":"","overlay-opacity":"","overlay-gradient":""},"tablet":{"background-color":"var(--ast-global-color-5)","background-image":"","background-repeat":"repeat","background-position":"center center","background-size":"auto","background-attachment":"scroll","background-type":"","background-media":"","overlay-type":"","overlay-color":"","overlay-opacity":"","overlay-gradient":""},"mobile":{"background-color":"var(--ast-global-color-5)","background-image":"","background-repeat":"repeat","background-position":"center center","background-size":"auto","background-attachment":"scroll","background-type":"","background-media":"","overlay-type":"","overlay-color":"","overlay-opacity":"","overlay-gradient":""}},"footnotes":""},"class_list":["post-616","page","type-page","status-publish","hentry"],"_links":{"self":[{"href":"https:\/\/www.sigradi.org\/sigradi2022\/wp-json\/wp\/v2\/pages\/616","targetHints":{"allow":["GET"]}}],"collection":[{"href":"https:\/\/www.sigradi.org\/sigradi2022\/wp-json\/wp\/v2\/pages"}],"about":[{"href":"https:\/\/www.sigradi.org\/sigradi2022\/wp-json\/wp\/v2\/types\/page"}],"author":[{"embeddable":true,"href":"https:\/\/www.sigradi.org\/sigradi2022\/wp-json\/wp\/v2\/users\/1"}],"replies":[{"embeddable":true,"href":"https:\/\/www.sigradi.org\/sigradi2022\/wp-json\/wp\/v2\/comments?post=616"}],"version-history":[{"count":286,"href":"https:\/\/www.sigradi.org\/sigradi2022\/wp-json\/wp\/v2\/pages\/616\/revisions"}],"predecessor-version":[{"id":7464,"href":"https:\/\/www.sigradi.org\/sigradi2022\/wp-json\/wp\/v2\/pages\/616\/revisions\/7464"}],"wp:attachment":[{"href":"https:\/\/www.sigradi.org\/sigradi2022\/wp-json\/wp\/v2\/media?parent=616"}],"curies":[{"name":"wp","href":"https:\/\/api.w.org\/{rel}","templated":true}]}}